{"id":862,"date":"2021-05-30T04:08:39","date_gmt":"2021-05-30T02:08:39","guid":{"rendered":"https:\/\/ateliers-kraftwerk-bille.de\/?page_id=862"},"modified":"2022-09-15T11:21:15","modified_gmt":"2022-09-15T09:21:15","slug":"thomasz-kielbasa","status":"publish","type":"page","link":"https:\/\/ateliers-kraftwerk-bille.de\/index.php\/thomasz-kielbasa\/","title":{"rendered":"TOMASZ KIELBASA"},"content":{"rendered":"\n<figure class=\"wp-block-image size-large is-resized\"><img loading=\"lazy\" decoding=\"async\" src=\"https:\/\/ateliers-kraftwerk-bille.de\/wp-content\/uploads\/2021\/05\/Foto-B.-Kielbasa-Schmelter_neu_klein.jpg\" alt=\"\" class=\"wp-image-863\" width=\"473\" height=\"314\" srcset=\"https:\/\/ateliers-kraftwerk-bille.de\/wp-content\/uploads\/2021\/05\/Foto-B.-Kielbasa-Schmelter_neu_klein.jpg 945w, https:\/\/ateliers-kraftwerk-bille.de\/wp-content\/uploads\/2021\/05\/Foto-B.-Kielbasa-Schmelter_neu_klein-300x199.jpg 300w, https:\/\/ateliers-kraftwerk-bille.de\/wp-content\/uploads\/2021\/05\/Foto-B.-Kielbasa-Schmelter_neu_klein-768x510.jpg 768w\" sizes=\"(max-width: 473px) 100vw, 473px\" \/><\/figure>\n\n\n\n<p>geboren 1969 in Gdynia \/ Gdingen, Polen<\/p>\n\n\n\n<p>Studium an der Akademia Sztuk Pi\u0119knych w Gda\u0144sku \/ Akademie der sch\u00f6nen K\u00fcnste Danzig<\/p>\n\n\n\n<p>Mitgr\u00fcnder und Namensgeber der K\u00fcnstlergruppen \u201cK.A.P.K.A.\u201d und \u201chrenosz\u201d<\/p>\n\n\n\n<p>seit 1987 Einzel- und Gruppenausstellungen in Polen und Deutschland<\/p>\n\n\n\n<p>seit 1997 selbst\u00e4ndig als Designer und Raumgestalter<\/p>\n\n\n\n<p>seit 2008 in Hamburg<br><br><\/p>\n\n\n\n<p><\/p>\n","protected":false},"excerpt":{"rendered":"<p>geboren 1969 in Gdynia \/ Gdingen, Polen Studium an der Akademia Sztuk Pi\u0119knych w Gda\u0144sku \/ Akademie der sch\u00f6nen K\u00fcnste Danzig Mitgr\u00fcnder und Namensgeber der K\u00fcnstlergruppen \u201cK.A.P.K.A.\u201d und \u201chrenosz\u201d seit 1987 Einzel- und Gruppenausstellungen in Polen und Deutschland seit 1997 selbst\u00e4ndig als Designer und Raumgestalter seit 2008 in Hamburg<\/p>\n","protected":false},"author":1,"featured_media":0,"parent":0,"menu_order":0,"comment_status":"closed","ping_status":"closed","template":"","meta":{"spay_email":"","footnotes":""},"_links":{"self":[{"href":"https:\/\/ateliers-kraftwerk-bille.de\/index.php\/wp-json\/wp\/v2\/pages\/862"}],"collection":[{"href":"https:\/\/ateliers-kraftwerk-bille.de\/index.php\/wp-json\/wp\/v2\/pages"}],"about":[{"href":"https:\/\/ateliers-kraftwerk-bille.de\/index.php\/wp-json\/wp\/v2\/types\/page"}],"author":[{"embeddable":true,"href":"https:\/\/ateliers-kraftwerk-bille.de\/index.php\/wp-json\/wp\/v2\/users\/1"}],"replies":[{"embeddable":true,"href":"https:\/\/ateliers-kraftwerk-bille.de\/index.php\/wp-json\/wp\/v2\/comments?post=862"}],"version-history":[{"count":2,"href":"https:\/\/ateliers-kraftwerk-bille.de\/index.php\/wp-json\/wp\/v2\/pages\/862\/revisions"}],"predecessor-version":[{"id":1119,"href":"https:\/\/ateliers-kraftwerk-bille.de\/index.php\/wp-json\/wp\/v2\/pages\/862\/revisions\/1119"}],"wp:attachment":[{"href":"https:\/\/ateliers-kraftwerk-bille.de\/index.php\/wp-json\/wp\/v2\/media?parent=862"}],"curies":[{"name":"wp","href":"https:\/\/api.w.org\/{rel}","templated":true}]}}