{"id":46,"date":"2020-09-08T13:42:57","date_gmt":"2020-09-08T11:42:57","guid":{"rendered":"http:\/\/ateliers-kraftwerk-bille.de\/?page_id=46"},"modified":"2022-09-15T12:50:22","modified_gmt":"2022-09-15T10:50:22","slug":"impressum","status":"publish","type":"page","link":"https:\/\/ateliers-kraftwerk-bille.de\/index.php\/impressum\/","title":{"rendered":"Impressum und Datenschutz"},"content":{"rendered":"\n<div style=\"height:100px\" aria-hidden=\"true\" class=\"wp-block-spacer\"><\/div>\n\n\n\n<h3 class=\"wp-block-heading\">Angaben gem\u00e4\u00df \u00a7 5 TMG:<\/h3>\n\n\n\n<p><br>Bildende K\u00fcnstler<br>Christoph Rauch<\/p>\n\n\n\n<h4 class=\"wp-block-heading\">Postanschrift:<\/h4>\n\n\n\n<p>Bullerdeich 12<br>20537 Hamburg<\/p>\n\n\n\n<h4 class=\"wp-block-heading\">Kontakt:<\/h4>\n\n\n\n<p>Telefon: 040 4302067<br>E-Mail: infoATprojektgruppeDOTorg<\/p>\n\n\n\n<hr class=\"wp-block-separator\"\/>\n\n\n\n<h3 class=\"wp-block-heading\">Hinweise zur Website<\/h3>\n\n\n\n<h4 class=\"wp-block-heading\">Urheberrechtliche Hinweise<\/h4>\n\n\n\n<p>Christoph Rauch und die oben jeweils genannten K\u00fcnstler:innen<\/p>\n\n\n\n<h4 class=\"wp-block-heading\">Verantwortlich f\u00fcr journalistisch-redaktionelle Inhalte ist:<\/h4>\n\n\n\n<p>Christoph Rauch und die oben jeweils genannten K\u00fcnstler:innen und Autor:innen<\/p>\n\n\n\n<p><em>Das Impressum wurde mit dem\u00a0<a href=\"https:\/\/www.activemind.de\/datenschutz\/impressums-generator\/\">Impressums-Generator der activeMind AG<\/a>\u00a0erstellt.<\/em><\/p>\n\n\n\n<hr class=\"wp-block-separator\"\/>\n\n\n\n<h3 class=\"wp-block-heading\">Haftungsausschluss<\/h3>\n\n\n\n<p>Die Inhalte dieser Website sind mit gro\u00dfer Sorgfalt zusammengestellt und werden regelm\u00e4\u00dfig aktualisiert. Die Angaben dienen dennoch nur der unverbindlichen allgemeinen Information. Verbindliche Angaben erhalten Sie bei direkter Kontaktaufnahme. Es besteht keine Gew\u00e4hr f\u00fcr die Aktualit\u00e4t, Richtigkeit und Vollst\u00e4ndigkeit der Informationen auf diesen Seiten oder den jederzeitigen st\u00f6rungsfreien Zugang.<\/p>\n\n\n\n<p>Bei Verweisen auf Internetseiten Dritter (Links), wird keine Verantwortung f\u00fcr die Inhalte der verlinkten Seiten \u00fcbernommen. Mit dem Bet\u00e4tigen des Verweises verlassen Sie das Informationsangebot. F\u00fcr die Angebote Dritter k\u00f6nnen daher abweichende Regelungen gelten, insbesondere hinsichtlich des Datenschutzes.<\/p>\n\n\n\n<p><strong>Copyrights<\/strong><\/p>\n\n\n\n<p>S\u00e4mtliche Texte, Bilder und andere auf der Internetseite ver\u00f6ffentlichten Werke unterliegen \u2013 sofern nicht anders gekennzeichnet \u2013 dem Copyright und sind urheberrechtlich gesch\u00fctzt. Jede Vervielf\u00e4ltigung, Verbreitung, Speicherung, \u00dcbermittlung, Sendung und Wieder- bzw. Weitergabe der Inhalte ist ohne schriftliche Genehmigung ausdr\u00fccklich untersagt.<\/p>\n\n\n\n<hr class=\"wp-block-separator\"\/>\n\n\n\n<h3 class=\"wp-block-heading\">Datenschutzerkl\u00e4rung<\/h3>\n\n\n\n<p>Verantwortlicher im Sinne der Datenschutzgesetze, insbesondere der EU-Datenschutzgrundverordnung (DSGVO), ist:<\/p>\n\n\n\n<p>Christoph Rauch<\/p>\n\n\n\n<h4 class=\"wp-block-heading\">Ihre Betroffenenrechte<\/h4>\n\n\n\n<p>Unter den angegebenen Kontaktdaten unseres Datenschutzbeauftragten k\u00f6nnen Sie jederzeit folgende Rechte aus\u00fcben:<\/p>\n\n\n\n<p>&#8211; Auskunft \u00fcber Ihre bei uns gespeicherten Daten und deren Verarbeitung (Art. 15 DSGVO),<\/p>\n\n\n\n<p>&#8211; Berichtigung unrichtiger personenbezogener Daten (Art. 16 DSGVO),<\/p>\n\n\n\n<p>&#8211; L\u00f6schung Ihrer bei uns gespeicherten Daten (Art. 17 DSGVO),<\/p>\n\n\n\n<p>&#8211; Einschr\u00e4nkung der Datenverarbeitung, sofern wir Ihre Daten aufgrund gesetzlicher Pflichten noch nicht l\u00f6schen d\u00fcrfen (Art. 18 DSGVO),<\/p>\n\n\n\n<p>&#8211; Widerspruch gegen die Verarbeitung Ihrer Daten bei uns (Art. 21 DSGVO) und<\/p>\n\n\n\n<p>&#8211; Daten\u00fcbertragbarkeit, sofern Sie in die Datenverarbeitung eingewilligt haben oder einen Vertrag mit uns abgeschlossen haben (Art. 20 DSGVO).<\/p>\n\n\n\n<p>Sofern Sie uns eine Einwilligung erteilt haben, k\u00f6nnen Sie diese jederzeit mit Wirkung f\u00fcr die Zukunft widerrufen.<\/p>\n\n\n\n<p>Sie k\u00f6nnen sich jederzeit mit einer Beschwerde an eine Aufsichtsbeh\u00f6rde wenden, z. B. an die zust\u00e4ndige Aufsichtsbeh\u00f6rde des Bundeslands Ihres Wohnsitzes oder an die f\u00fcr uns als verantwortliche Stelle zust\u00e4ndige Beh\u00f6rde.<\/p>\n\n\n\n<p>Eine Liste der Aufsichtsbeh\u00f6rden (f\u00fcr den nicht\u00f6ffentlichen Bereich) mit Anschrift finden Sie unter:&nbsp;<a href=\"https:\/\/www.bfdi.bund.de\/DE\/Service\/Anschriften\/Laender\/Laender-node.html\" target=\"_blank\" rel=\"noreferrer noopener\">https:\/\/www.bfdi.bund.de\/DE\/Service\/Anschriften\/Laender\/Laender-node.html<\/a>.<\/p>\n\n\n\n<hr class=\"wp-block-separator\"\/>\n\n\n\n<h3 class=\"wp-block-heading\">Information \u00fcber Ihr Widerspruchsrecht nach Art. 21 DSGVO<\/h3>\n\n\n\n<h4 class=\"wp-block-heading\">Einzelfallbezogenes Widerspruchsrecht<\/h4>\n\n\n\n<p>Sie haben das Recht, aus Gr\u00fcnden, die sich aus Ihrer besonderen Situation ergeben, jederzeit gegen die Verarbeitung Sie betreffender personenbezogener Daten, die aufgrund Art. 6 Abs. 1 lit. f DSGVO (Datenverarbeitung auf der Grundlage einer Interessenabw\u00e4gung) erfolgt, Widerspruch einzulegen; dies gilt auch f\u00fcr ein auf diese Bestimmung gest\u00fctztes Profiling im Sinne von Art. 4 Nr. 4 DSGVO.<\/p>\n\n\n\n<p>Legen Sie Widerspruch ein, werden wir Ihre personenbezogenen Daten nicht mehr verarbeiten, es sei denn, wir k\u00f6nnen zwingende schutzw\u00fcrdige Gr\u00fcnde f\u00fcr die Verarbeitung nachweisen, die Ihre Interessen, Rechte und Freiheiten \u00fcberwiegen, oder die Verarbeitung dient der Geltendmachung, Aus\u00fcbung oder Verteidigung von Rechtsanspr\u00fcchen.<\/p>\n\n\n\n<h4 class=\"wp-block-heading\">Empf\u00e4nger eines Widerspruchs<\/h4>\n\n\n\n<p>Christoph Rauch<\/p>\n\n\n\n<hr class=\"wp-block-separator\"\/>\n\n\n\n<h3 class=\"wp-block-heading\">\u00c4nderung unserer Datenschutzbestimmungen<\/h3>\n\n\n\n<p>Wir behalten uns vor, diese Datenschutzerkl\u00e4rung anzupassen, damit sie stets den aktuellen rechtlichen Anforderungen entspricht oder um \u00c4nderungen unserer Leistungen in der Datenschutzerkl\u00e4rung umzusetzen, z.B. bei der Einf\u00fchrung neuer Services. F\u00fcr Ihren erneuten Besuch gilt dann die neue Datenschutzerkl\u00e4rung.<\/p>\n\n\n\n<h4 class=\"wp-block-heading\">Fragen an den Datenschutzbeauftragten<\/h4>\n\n\n\n<p>Wenn Sie Fragen zum Datenschutz haben, schreiben Sie uns bitte eine E-Mail oder wenden Sie sich direkt an die f\u00fcr den Datenschutz verantwortliche Person in unserer Organisation:<\/p>\n\n\n\n<p><em>Die Datenschutzerkl\u00e4rung wurde mithilfe der activeMind AG erstellt, den Experten f\u00fcr&nbsp;<a href=\"https:\/\/www.activemind.de\/datenschutz\/datenschutzbeauftragter\/\" target=\"_blank\" rel=\"noreferrer noopener\">externe Datenschutzbeauftragte<\/a>&nbsp;(Version #2020-09-30).<\/em><\/p>\n\n\n\n<hr class=\"wp-block-separator\"\/>\n","protected":false},"excerpt":{"rendered":"<p>Angaben gem\u00e4\u00df \u00a7 5 TMG: Bildende K\u00fcnstlerChristoph Rauch Postanschrift: Bullerdeich 1220537 Hamburg Kontakt: Telefon: 040 4302067E-Mail: infoATprojektgruppeDOTorg Hinweise zur Website Urheberrechtliche Hinweise Christoph Rauch und die oben jeweils genannten K\u00fcnstler:innen Verantwortlich f\u00fcr journalistisch-redaktionelle Inhalte ist: Christoph Rauch und die oben jeweils genannten K\u00fcnstler:innen und Autor:innen Das Impressum wurde mit dem\u00a0Impressums-Generator der activeMind AG\u00a0erstellt. Haftungsausschluss Die [&hellip;]<\/p>\n","protected":false},"author":1,"featured_media":0,"parent":0,"menu_order":0,"comment_status":"closed","ping_status":"closed","template":"","meta":{"spay_email":"","footnotes":""},"_links":{"self":[{"href":"https:\/\/ateliers-kraftwerk-bille.de\/index.php\/wp-json\/wp\/v2\/pages\/46"}],"collection":[{"href":"https:\/\/ateliers-kraftwerk-bille.de\/index.php\/wp-json\/wp\/v2\/pages"}],"about":[{"href":"https:\/\/ateliers-kraftwerk-bille.de\/index.php\/wp-json\/wp\/v2\/types\/page"}],"author":[{"embeddable":true,"href":"https:\/\/ateliers-kraftwerk-bille.de\/index.php\/wp-json\/wp\/v2\/users\/1"}],"replies":[{"embeddable":true,"href":"https:\/\/ateliers-kraftwerk-bille.de\/index.php\/wp-json\/wp\/v2\/comments?post=46"}],"version-history":[{"count":11,"href":"https:\/\/ateliers-kraftwerk-bille.de\/index.php\/wp-json\/wp\/v2\/pages\/46\/revisions"}],"predecessor-version":[{"id":1142,"href":"https:\/\/ateliers-kraftwerk-bille.de\/index.php\/wp-json\/wp\/v2\/pages\/46\/revisions\/1142"}],"wp:attachment":[{"href":"https:\/\/ateliers-kraftwerk-bille.de\/index.php\/wp-json\/wp\/v2\/media?parent=46"}],"curies":[{"name":"wp","href":"https:\/\/api.w.org\/{rel}","templated":true}]}}